{"id":9470,"date":"2025-02-07T13:39:56","date_gmt":"2025-02-07T10:39:56","guid":{"rendered":"https:\/\/avicennahospitals.com\/uzm-dr-fahriye-guler\/"},"modified":"2025-02-07T13:39:56","modified_gmt":"2025-02-07T10:39:56","slug":"uzm-dr-fahriye-guler","status":"publish","type":"page","link":"https:\/\/avicennahospitals.com\/es\/uzm-dr-fahriye-guler\/","title":{"rendered":"Uzm. Dr. Fahriye G\u00fcler"},"content":{"rendered":"<h2><img fetchpriority=\"high\" decoding=\"async\" class=\"alignnone size-full wp-image-8739\" src=\"https:\/\/avicennahospitals.com\/wp-content\/uploads\/2025\/02\/kartal-uzm-dr-fahriye-guler-p.webp\" alt=\"\" width=\"800\" height=\"450\" srcset=\"https:\/\/avicennahospitals.com\/wp-content\/uploads\/2025\/02\/kartal-uzm-dr-fahriye-guler-p.webp 800w, https:\/\/avicennahospitals.com\/wp-content\/uploads\/2025\/02\/kartal-uzm-dr-fahriye-guler-p-300x169.webp 300w, https:\/\/avicennahospitals.com\/wp-content\/uploads\/2025\/02\/kartal-uzm-dr-fahriye-guler-p-768x432.webp 768w\" sizes=\"(max-width: 800px) 100vw, 800px\" \/><\/h2>\n<h2>Uzm. Dr. Fahriye G\u00fcler Hakk\u0131nda<\/h2>\n<p>1965 Tekirda\u011f Malkara do\u011fumludur. \u0130lk, orta ve lise e\u011fitimini Malkara\u2019da tamamlam\u0131\u015ft\u0131r. 1982 \u2013 1988 y\u0131llar\u0131 aras\u0131nda \u0130stanbul \u00dcniversitesi Cerrahpa\u015fa T\u0131p Fak\u00fcltesinden mezun olduktan sonra Bilecik ana ve \u00e7ocuk sa\u011fl\u0131\u011f\u0131 ve \u00dcmraniye ana ve \u00e7ocuk sa\u011fl\u0131\u011f\u0131 merkezlerinde mecburi hizmetini tamamlam\u0131\u015ft\u0131r.1994 \u2013 1998 y\u0131llar\u0131 aras\u0131nda Ko\u015fuyolu Kalp Hastanesinde Anesteziyoloji ve Reanimasyon uzmanl\u0131k e\u011fitimini tamamlam\u0131\u015f ve takibinde 2010 y\u0131l\u0131na kadar Ko\u015fuyolu Kalp ve Ara\u015ft\u0131rma Hastanesinde uzman hekim olarak \u00e7al\u0131\u015fm\u0131\u015ft\u0131r. 2010 y\u0131l\u0131ndan 2020 y\u0131l\u0131 eyl\u00fcl ay\u0131na kadar Sa\u011fl\u0131k Bakanl\u0131\u011f\u0131 Tuzla Devlet Hastanesinde \u00e7al\u0131\u015fm\u0131\u015f ve emekli olmu\u015ftur. Evli ve 2 \u00e7ocuklu olan hekimimiz yurt i\u00e7i ve yurt d\u0131\u015f\u0131 20\u2019den fazla tebli\u011fi bulunmaktad\u0131r.<\/p>\n","protected":false},"excerpt":{"rendered":"<p>Uzm. Dr. Fahriye G\u00fcler Hakk\u0131nda 1965 Tekirda\u011f Malkara do\u011fumludur. \u0130lk, orta ve lise e\u011fitimini Malkara\u2019da tamamlam\u0131\u015ft\u0131r. 1982 \u2013 1988 y\u0131llar\u0131 aras\u0131nda \u0130stanbul \u00dcniversitesi Cerrahpa\u015fa T\u0131p Fak\u00fcltesinden mezun olduktan sonra Bilecik ana ve \u00e7ocuk sa\u011fl\u0131\u011f\u0131 ve \u00dcmraniye ana ve \u00e7ocuk sa\u011fl\u0131\u011f\u0131 merkezlerinde mecburi hizmetini tamamlam\u0131\u015ft\u0131r.1994 \u2013 1998 y\u0131llar\u0131 aras\u0131nda Ko\u015fuyolu Kalp Hastanesinde Anesteziyoloji ve Reanimasyon uzmanl\u0131k [&hellip;]<\/p>\n","protected":false},"author":1,"featured_media":0,"parent":0,"menu_order":0,"comment_status":"closed","ping_status":"closed","template":"","meta":{"ocean_post_layout":"","ocean_both_sidebars_style":"","ocean_both_sidebars_content_width":0,"ocean_both_sidebars_sidebars_width":0,"ocean_sidebar":"0","ocean_second_sidebar":"0","ocean_disable_margins":"enable","ocean_add_body_class":"","ocean_shortcode_before_top_bar":"","ocean_shortcode_after_top_bar":"","ocean_shortcode_before_header":"","ocean_shortcode_after_header":"","ocean_has_shortcode":"","ocean_shortcode_after_title":"","ocean_shortcode_before_footer_widgets":"","ocean_shortcode_after_footer_widgets":"","ocean_shortcode_before_footer_bottom":"","ocean_shortcode_after_footer_bottom":"","ocean_display_top_bar":"default","ocean_display_header":"default","ocean_header_style":"","ocean_center_header_left_menu":"0","ocean_custom_header_template":"0","ocean_custom_logo":0,"ocean_custom_retina_logo":0,"ocean_custom_logo_max_width":0,"ocean_custom_logo_tablet_max_width":0,"ocean_custom_logo_mobile_max_width":0,"ocean_custom_logo_max_height":0,"ocean_custom_logo_tablet_max_height":0,"ocean_custom_logo_mobile_max_height":0,"ocean_header_custom_menu":"0","ocean_menu_typo_font_family":"0","ocean_menu_typo_font_subset":"","ocean_menu_typo_font_size":0,"ocean_menu_typo_font_size_tablet":0,"ocean_menu_typo_font_size_mobile":0,"ocean_menu_typo_font_size_unit":"px","ocean_menu_typo_font_weight":"","ocean_menu_typo_font_weight_tablet":"","ocean_menu_typo_font_weight_mobile":"","ocean_menu_typo_transform":"","ocean_menu_typo_transform_tablet":"","ocean_menu_typo_transform_mobile":"","ocean_menu_typo_line_height":0,"ocean_menu_typo_line_height_tablet":0,"ocean_menu_typo_line_height_mobile":0,"ocean_menu_typo_line_height_unit":"","ocean_menu_typo_spacing":0,"ocean_menu_typo_spacing_tablet":0,"ocean_menu_typo_spacing_mobile":0,"ocean_menu_typo_spacing_unit":"","ocean_menu_link_color":"","ocean_menu_link_color_hover":"","ocean_menu_link_color_active":"","ocean_menu_link_background":"","ocean_menu_link_hover_background":"","ocean_menu_link_active_background":"","ocean_menu_social_links_bg":"","ocean_menu_social_hover_links_bg":"","ocean_menu_social_links_color":"","ocean_menu_social_hover_links_color":"","ocean_disable_title":"default","ocean_disable_heading":"default","ocean_post_title":"","ocean_post_subheading":"","ocean_post_title_style":"","ocean_post_title_background_color":"","ocean_post_title_background":0,"ocean_post_title_bg_image_position":"","ocean_post_title_bg_image_attachment":"","ocean_post_title_bg_image_repeat":"","ocean_post_title_bg_image_size":"","ocean_post_title_height":0,"ocean_post_title_bg_overlay":0.5,"ocean_post_title_bg_overlay_color":"","ocean_disable_breadcrumbs":"default","ocean_breadcrumbs_color":"","ocean_breadcrumbs_separator_color":"","ocean_breadcrumbs_links_color":"","ocean_breadcrumbs_links_hover_color":"","ocean_display_footer_widgets":"default","ocean_display_footer_bottom":"default","ocean_custom_footer_template":"","ofc_enable_fullscreen":"disable","ofc_fullscreen_speed":0,"ofc_fullscreen_nav":"enable","ofc_fullscreen_nav_pos":"right","ofc_fullscreen_nav_color":"","ofc_fullscreen_nav_tooltip_color":"","ofc_fullscreen_responsive":0,"osh_disable_topbar_sticky":"default","osh_disable_header_sticky":"default","osh_sticky_header_style":"default","osh_sticky_header_effect":"","osh_custom_sticky_logo":0,"osh_custom_retina_sticky_logo":0,"osh_custom_sticky_logo_height":0,"osh_background_color":"","osh_links_color":"","osh_links_hover_color":"","osh_links_active_color":"","osh_links_bg_color":"","osh_links_hover_bg_color":"","osh_links_active_bg_color":"","osh_menu_social_links_color":"","osh_menu_social_hover_links_color":"","_joinchat":[],"footnotes":""},"class_list":["post-9470","page","type-page","status-publish","hentry","entry"],"_links":{"self":[{"href":"https:\/\/avicennahospitals.com\/es\/wp-json\/wp\/v2\/pages\/9470","targetHints":{"allow":["GET"]}}],"collection":[{"href":"https:\/\/avicennahospitals.com\/es\/wp-json\/wp\/v2\/pages"}],"about":[{"href":"https:\/\/avicennahospitals.com\/es\/wp-json\/wp\/v2\/types\/page"}],"author":[{"embeddable":true,"href":"https:\/\/avicennahospitals.com\/es\/wp-json\/wp\/v2\/users\/1"}],"replies":[{"embeddable":true,"href":"https:\/\/avicennahospitals.com\/es\/wp-json\/wp\/v2\/comments?post=9470"}],"version-history":[{"count":0,"href":"https:\/\/avicennahospitals.com\/es\/wp-json\/wp\/v2\/pages\/9470\/revisions"}],"wp:attachment":[{"href":"https:\/\/avicennahospitals.com\/es\/wp-json\/wp\/v2\/media?parent=9470"}],"curies":[{"name":"wp","href":"https:\/\/api.w.org\/{rel}","templated":true}]}}