{"id":9386,"date":"2025-02-07T13:49:26","date_gmt":"2025-02-07T10:49:26","guid":{"rendered":"https:\/\/avicennahospitals.com\/doktor-murat-ekrem\/"},"modified":"2025-02-07T13:49:26","modified_gmt":"2025-02-07T10:49:26","slug":"doktor-murat-ekrem","status":"publish","type":"page","link":"https:\/\/avicennahospitals.com\/bg\/doktor-murat-ekrem\/","title":{"rendered":"Doktor Murat Ekrem"},"content":{"rendered":"<p><img fetchpriority=\"high\" decoding=\"async\" class=\"alignnone size-full wp-image-8934\" src=\"https:\/\/avicennahospitals.com\/wp-content\/uploads\/2025\/02\/dr-murat-ekrem-i.webp\" alt=\"\" width=\"800\" height=\"450\" srcset=\"https:\/\/avicennahospitals.com\/wp-content\/uploads\/2025\/02\/dr-murat-ekrem-i.webp 800w, https:\/\/avicennahospitals.com\/wp-content\/uploads\/2025\/02\/dr-murat-ekrem-i-300x169.webp 300w, https:\/\/avicennahospitals.com\/wp-content\/uploads\/2025\/02\/dr-murat-ekrem-i-768x432.webp 768w\" sizes=\"(max-width: 800px) 100vw, 800px\" \/><\/p>\n<p>1992 y\u0131l\u0131nda Kocaeli\u2019nin Gebze \u0130l\u00e7esinde do\u011fmu\u015fum. B\u00fcy\u00fck dedelerimiz Trabzon\u2019dan topraklar\u0131n\u0131n tar\u0131ma elveri\u015fli olmamas\u0131 nedeniyle Sakarya\u2019n\u0131n Akyaz\u0131 il\u00e7esine oradan da Kocaeli\u2019nin Kand\u0131ra il\u00e7esine g\u00f6\u00e7m\u00fc\u015fler. 3 ku\u015fakt\u0131r Kand\u0131ral\u0131y\u0131z diyebilirim. Bir sanayi kenti olan Gebze \u00e7ocuklu\u011fumun ge\u00e7ti\u011fi yer oldu. \u0130lk, orta ve lise e\u011fitimlerimi Gebze\u2019de tamamlad\u0131m. 2010 y\u0131l\u0131nda Ege\u2019nin incisi \u0130zmir\u2019le tan\u0131\u015fma f\u0131rsat\u0131 yakalad\u0131m. Gen\u00e7li\u011fimin en g\u00fczel y\u0131llar\u0131 6 y\u0131l boyunca beni misafir eden g\u00fczel \u0130zmir\u2019de \u00f6\u011frencilik y\u0131llar\u0131mda ge\u00e7ti. 2010 y\u0131l\u0131nda kazand\u0131\u011f\u0131m Dokuz Eyl\u00fcl \u00dcniversitesi T\u0131p Fak\u00fcltesindeki e\u011fitimimi 2016 y\u0131l\u0131nda tamamlad\u0131m. Hekimlik mesle\u011fime Acil Servis Hekimi ve \u0130\u015fyeri Hekimi olarak devam etmekteyim. Ailemle birlikte ve bek\u00e2rl\u0131\u011f\u0131m\u0131n son zamanlar\u0131n\u0131 ya\u015famaktay\u0131m.<\/p>\n<p>&nbsp;<\/p>\n<div class=\"cmsmasters_toggle_title\">Tedavi Edilen Hastal\u0131klar<\/div>\n<div class=\"cmsmasters_toggle\">\n<div class=\"cmsmasters_toggle_inner\">\n<ul>\n<li class=\"Standard\">\u00c7ocukluk \u00c7a\u011f\u0131n\u0131n \u0130lk ve Acil Hastal\u0131klar\u0131<\/li>\n<li class=\"Standard\">\u00c7ocukluk \u00c7a\u011f\u0131 Enfeksiyonlar\u0131 Acil Tedavisi<\/li>\n<li class=\"Standard\">Kusan \u00c7ocuk Acil Tedavisi, Ate\u015fli \u00c7ocuk Acil Tedavisi<\/li>\n<li class=\"Standard\">\u00d6ks\u00fcren \u00c7ocuk Acil Tedavisi, D\u00f6k\u00fcnt\u00fcl\u00fc \u00c7ocuk Acil Tedavisi<\/li>\n<li class=\"Standard\">Ba\u015f A\u011fr\u0131s\u0131 Acil Tedavisi, Kar\u0131n A\u011fr\u0131s\u0131 Acil Tedavisi<\/li>\n<li class=\"Standard\">Eklem A\u011fr\u0131l\u0131 \u00c7ocuk Acil Tedavisi, Solunum S\u0131k\u0131nt\u0131l\u0131 \u00c7ocuk Acil Tedavisi<\/li>\n<li class=\"Standard\">Konv\u00fclziyon (N\u00f6bet, Havale) Ge\u00e7iren \u00c7ocuk Acil Tedavisi<\/li>\n<li class=\"Standard\">\u0130shalli \u00c7ocuk Acil Tedavisi, Anaflaksi<\/li>\n<li class=\"Standard\">Akut \u00dcrtiker ( Akut Allerji ) Acil Tedavisi<\/li>\n<li class=\"Standard\">Krup Acil Tedavisi<\/li>\n<li class=\"Standard\">Kalp Solunum Durmas\u0131 Acil Tedavisi<\/li>\n<li class=\"Standard\">Akut Bron\u015fiolit Acil Tedavisi<\/li>\n<li class=\"Standard\">Akut Ast\u0131m Ata\u011f\u0131 Acil Tedavisi<\/li>\n<li class=\"Standard\">Kab\u0131zl\u0131k Acil Tedavisi<\/li>\n<li class=\"Standard\">Akut Gastrit Acil Tedavisi<\/li>\n<li class=\"Standard\">Senkop (Bay\u0131lma) Acil Tedavisi<\/li>\n<\/ul>\n<\/div>\n<\/div>\n<p>&nbsp;<\/p>\n<div class=\"cmsmasters_toggle_title\">Tedavi Y\u00f6ntemleri<\/div>\n<div class=\"cmsmasters_toggle\">\n<div class=\"cmsmasters_toggle_inner\">\n<ul>\n<li class=\"Standard\">\u0130lk ve Acil Tedavi<\/li>\n<\/ul>\n<\/div>\n<\/div>\n<p>&nbsp;<\/p>\n<div class=\"cmsmasters_toggle_title\">\u00dcye Oldu\u011fu Dernek ve Kurulu\u015flar<\/div>\n<div class=\"cmsmasters_toggle\">\n<div class=\"cmsmasters_toggle_inner\">\n<ul>\n<li>TTB<\/li>\n<\/ul>\n<\/div>\n<\/div>\n","protected":false},"excerpt":{"rendered":"<p>1992 y\u0131l\u0131nda Kocaeli\u2019nin Gebze \u0130l\u00e7esinde do\u011fmu\u015fum. B\u00fcy\u00fck dedelerimiz Trabzon\u2019dan topraklar\u0131n\u0131n tar\u0131ma elveri\u015fli olmamas\u0131 nedeniyle Sakarya\u2019n\u0131n Akyaz\u0131 il\u00e7esine oradan da Kocaeli\u2019nin Kand\u0131ra il\u00e7esine g\u00f6\u00e7m\u00fc\u015fler. 3 ku\u015fakt\u0131r Kand\u0131ral\u0131y\u0131z diyebilirim. Bir sanayi kenti olan Gebze \u00e7ocuklu\u011fumun ge\u00e7ti\u011fi yer oldu. \u0130lk, orta ve lise e\u011fitimlerimi Gebze\u2019de tamamlad\u0131m. 2010 y\u0131l\u0131nda Ege\u2019nin incisi \u0130zmir\u2019le tan\u0131\u015fma f\u0131rsat\u0131 yakalad\u0131m. Gen\u00e7li\u011fimin en g\u00fczel y\u0131llar\u0131 [&hellip;]<\/p>\n","protected":false},"author":1,"featured_media":0,"parent":0,"menu_order":0,"comment_status":"closed","ping_status":"closed","template":"","meta":{"ocean_post_layout":"","ocean_both_sidebars_style":"","ocean_both_sidebars_content_width":0,"ocean_both_sidebars_sidebars_width":0,"ocean_sidebar":"0","ocean_second_sidebar":"0","ocean_disable_margins":"enable","ocean_add_body_class":"","ocean_shortcode_before_top_bar":"","ocean_shortcode_after_top_bar":"","ocean_shortcode_before_header":"","ocean_shortcode_after_header":"","ocean_has_shortcode":"","ocean_shortcode_after_title":"","ocean_shortcode_before_footer_widgets":"","ocean_shortcode_after_footer_widgets":"","ocean_shortcode_before_footer_bottom":"","ocean_shortcode_after_footer_bottom":"","ocean_display_top_bar":"default","ocean_display_header":"default","ocean_header_style":"","ocean_center_header_left_menu":"0","ocean_custom_header_template":"0","ocean_custom_logo":0,"ocean_custom_retina_logo":0,"ocean_custom_logo_max_width":0,"ocean_custom_logo_tablet_max_width":0,"ocean_custom_logo_mobile_max_width":0,"ocean_custom_logo_max_height":0,"ocean_custom_logo_tablet_max_height":0,"ocean_custom_logo_mobile_max_height":0,"ocean_header_custom_menu":"0","ocean_menu_typo_font_family":"0","ocean_menu_typo_font_subset":"","ocean_menu_typo_font_size":0,"ocean_menu_typo_font_size_tablet":0,"ocean_menu_typo_font_size_mobile":0,"ocean_menu_typo_font_size_unit":"px","ocean_menu_typo_font_weight":"","ocean_menu_typo_font_weight_tablet":"","ocean_menu_typo_font_weight_mobile":"","ocean_menu_typo_transform":"","ocean_menu_typo_transform_tablet":"","ocean_menu_typo_transform_mobile":"","ocean_menu_typo_line_height":0,"ocean_menu_typo_line_height_tablet":0,"ocean_menu_typo_line_height_mobile":0,"ocean_menu_typo_line_height_unit":"","ocean_menu_typo_spacing":0,"ocean_menu_typo_spacing_tablet":0,"ocean_menu_typo_spacing_mobile":0,"ocean_menu_typo_spacing_unit":"","ocean_menu_link_color":"","ocean_menu_link_color_hover":"","ocean_menu_link_color_active":"","ocean_menu_link_background":"","ocean_menu_link_hover_background":"","ocean_menu_link_active_background":"","ocean_menu_social_links_bg":"","ocean_menu_social_hover_links_bg":"","ocean_menu_social_links_color":"","ocean_menu_social_hover_links_color":"","ocean_disable_title":"default","ocean_disable_heading":"default","ocean_post_title":"","ocean_post_subheading":"","ocean_post_title_style":"","ocean_post_title_background_color":"","ocean_post_title_background":0,"ocean_post_title_bg_image_position":"","ocean_post_title_bg_image_attachment":"","ocean_post_title_bg_image_repeat":"","ocean_post_title_bg_image_size":"","ocean_post_title_height":0,"ocean_post_title_bg_overlay":0.5,"ocean_post_title_bg_overlay_color":"","ocean_disable_breadcrumbs":"default","ocean_breadcrumbs_color":"","ocean_breadcrumbs_separator_color":"","ocean_breadcrumbs_links_color":"","ocean_breadcrumbs_links_hover_color":"","ocean_display_footer_widgets":"default","ocean_display_footer_bottom":"default","ocean_custom_footer_template":"","ofc_enable_fullscreen":"disable","ofc_fullscreen_speed":0,"ofc_fullscreen_nav":"enable","ofc_fullscreen_nav_pos":"right","ofc_fullscreen_nav_color":"","ofc_fullscreen_nav_tooltip_color":"","ofc_fullscreen_responsive":0,"osh_disable_topbar_sticky":"default","osh_disable_header_sticky":"default","osh_sticky_header_style":"default","osh_sticky_header_effect":"","osh_custom_sticky_logo":0,"osh_custom_retina_sticky_logo":0,"osh_custom_sticky_logo_height":0,"osh_background_color":"","osh_links_color":"","osh_links_hover_color":"","osh_links_active_color":"","osh_links_bg_color":"","osh_links_hover_bg_color":"","osh_links_active_bg_color":"","osh_menu_social_links_color":"","osh_menu_social_hover_links_color":"","_joinchat":[],"footnotes":""},"class_list":["post-9386","page","type-page","status-publish","hentry","entry"],"_links":{"self":[{"href":"https:\/\/avicennahospitals.com\/bg\/wp-json\/wp\/v2\/pages\/9386","targetHints":{"allow":["GET"]}}],"collection":[{"href":"https:\/\/avicennahospitals.com\/bg\/wp-json\/wp\/v2\/pages"}],"about":[{"href":"https:\/\/avicennahospitals.com\/bg\/wp-json\/wp\/v2\/types\/page"}],"author":[{"embeddable":true,"href":"https:\/\/avicennahospitals.com\/bg\/wp-json\/wp\/v2\/users\/1"}],"replies":[{"embeddable":true,"href":"https:\/\/avicennahospitals.com\/bg\/wp-json\/wp\/v2\/comments?post=9386"}],"version-history":[{"count":0,"href":"https:\/\/avicennahospitals.com\/bg\/wp-json\/wp\/v2\/pages\/9386\/revisions"}],"wp:attachment":[{"href":"https:\/\/avicennahospitals.com\/bg\/wp-json\/wp\/v2\/media?parent=9386"}],"curies":[{"name":"wp","href":"https:\/\/api.w.org\/{rel}","templated":true}]}}