{"id":9517,"date":"2025-02-07T13:58:21","date_gmt":"2025-02-07T10:58:21","guid":{"rendered":"https:\/\/avicennahospitals.com\/uzman-doktor-tuba-can\/"},"modified":"2025-02-07T13:58:21","modified_gmt":"2025-02-07T10:58:21","slug":"uzman-doktor-tuba-can","status":"publish","type":"page","link":"https:\/\/avicennahospitals.com\/ar\/uzman-doktor-tuba-can\/","title":{"rendered":"Uzman Doktor Tuba Can"},"content":{"rendered":"<p><img fetchpriority=\"high\" decoding=\"async\" class=\"alignnone size-full wp-image-9180\" src=\"https:\/\/avicennahospitals.com\/wp-content\/uploads\/2025\/02\/uzm-dr-tuba-can-i.webp\" alt=\"\" width=\"800\" height=\"450\" srcset=\"https:\/\/avicennahospitals.com\/wp-content\/uploads\/2025\/02\/uzm-dr-tuba-can-i.webp 800w, https:\/\/avicennahospitals.com\/wp-content\/uploads\/2025\/02\/uzm-dr-tuba-can-i-300x169.webp 300w, https:\/\/avicennahospitals.com\/wp-content\/uploads\/2025\/02\/uzm-dr-tuba-can-i-768x432.webp 768w\" sizes=\"(max-width: 800px) 100vw, 800px\" \/><\/p>\n<p>1976 \u0130stanbul do\u011fumluyum. Ortaokulu \u0130zmir T\u00fcrk Koleji, liseyi Manisa Fatih Anadolu Lisesi\u2019nde bitirdim. 2000 y\u0131l\u0131nda \u0130stanbul \u00dcniversitesi T\u0131p Fak\u00fcltesinden mezun oldum. 2002-2006 y\u0131llar\u0131 aras\u0131nda G\u00f6ztepe E\u011fitim ve Ara\u015ft\u0131rma Hastanesi\u2019nde Anesteziyoloji ve Reanimasyon Uzmanl\u0131\u011f\u0131 e\u011fitimimi tamamlad\u0131m. 2023 y\u0131l\u0131 itibari ile Kartal Avicenna Umut Hastanesi\u2019ne\u00a0kat\u0131ld\u0131m.<\/p>\n<p>&nbsp;<\/p>\n<div class=\"cmsmasters_toggle_title\">Tedavi Edilen Hastal\u0131klar<\/div>\n<div class=\"cmsmasters_toggle\">\n<div class=\"cmsmasters_toggle_inner\">\n<ul>\n<li>Rejyonal Anestezi (spinal, epidural)<\/li>\n<li>A\u011fr\u0131s\u0131z Do\u011fum<\/li>\n<li>Yo\u011fun Bak\u0131m<\/li>\n<li>Ameliyathane d\u0131\u015f\u0131 anestezi uygulamalar\u0131<\/li>\n<\/ul>\n<\/div>\n<\/div>\n<p>&nbsp;<\/p>\n<div class=\"cmsmasters_toggle_title\">Yay\u0131nlar<\/div>\n<div class=\"cmsmasters_toggle\">\n<div class=\"cmsmasters_toggle_inner\">\n<p>Yurt D\u0131\u015f\u0131 Yay\u0131nlar<\/p>\n<ul>\n<li>Tulgar S, Boga I, Piroglu MD, Ates NG, Bombaci E, Can T, Selvi O, Tas Z, Kose HC. Preoperative Anxiety before Spinal Anesthesia: Does Internet-based Visual Information\/Multimedia Research Decrease Anxiety and Information Desire? A Prospective Multicentered Study.Anesth Essays Res. 2017 Apr-Jun;11(2):390-396. doi: 10.4103\/0259-1162.206278.<\/li>\n<li>Haliloglu M, Omur D, Yuksel TC, Alan C. and Hanc\u0131 V. Post Operative Effects: Anesthesia. Research Article J Anesthe Clinic Res 2013, 4: 291. doi: 10.4172\/2155-6148.1000291.<\/li>\n<\/ul>\n<p>Ulusal Dergilerdeki Yay\u0131nlar<\/p>\n<ul>\n<li>Spinal anesthesia in a patient with Darier\u2019s Disease: A case report. \u0130brahim Boga, Tuba Can. Challenge Journal of Perioperative Medicine.<\/li>\n<li>M.D.Piro\u011flu,S.Tulgar,\u0130.Bo\u011fa,T.Can,I.D.Piro\u011flu,Z.Ta\u015f.Prone epidural anesthesia in a patient with Huntington\u2019s chorea; Case Report. Maltepe Medical Journal,2015,7,2,001-002<\/li>\n<li>Serkan Tulgar,\u0130brahim Bo\u011fa,Tuba Can,Elif Bombac\u0131,\u0130brahim Gezgel.Tooth extraction under general anesthesia in mentally retarded and home inc luded different anesthesia techniques. Maltepe Medical Journal,2015,7,1,001-004<\/li>\n<li>A.E. Sa\u011f\u0131ro\u011flu, S. Y\u00fczer, N. Koltka,\u00a0T. Can,\u00a0N. Turan, H. Baba, D.\u00d6m\u00fcr, T. Ka\u015f\u0131k\u00e7\u0131, M. \u00c7elik.\u00a0\u00a0Ent\u00fcbasyon ve ekst\u00fcbasyon s\u0131ras\u0131nda g\u00f6r\u00fclebilen solunumsal problemler ve preoperatif hava yolu de\u011ferlendirmesi ile ili\u015fkileri. G\u00f6ztepe T\u0131p Dergisi; 21(2):79-85, 2006<\/li>\n<\/ul>\n<\/div>\n<\/div>\n<p>&nbsp;<\/p>\n<div class=\"cmsmasters_toggle_title\">Posterler<\/div>\n<div class=\"cmsmasters_toggle\">\n<div class=\"cmsmasters_toggle_inner\">\n<ul>\n<li>S.Tulgar,\u0130.Bo\u011fa,T.Can,H.C.K\u00f6se,O.Altunkaynak. Tan\u0131 Konulmam\u0131\u015f Wollf Parkinson White sendromlu bir hastada spinal anestezi deneyimimiz. T\u00fcrk Anesteziyoloji ve Reanimasyon Derne\u011fi (TARD) 48.Ulusal Kongresi.<\/li>\n<li>S.Tulgar,\u0130.Bo\u011fa,T.Can,E.Bombac\u0131,\u0130.Gezgel.Mental retarde ve bak\u0131m hastalar\u0131nda di\u015f \u00e7ekimi i\u00e7in genel anestezi deneyimlerimiz. TARD 48. Ulusal Kongresi.<\/li>\n<li>S.Tulgar,D.T. Thomas,\u0130.Bo\u011fa,T.Can,K.B.G\u00f6\u00e7men,H.C.K\u00f6se,O.Altunkaynak.Pediatrik hastalarda laparoskopik inguinal herni operasyonlar\u0131nda farkl\u0131 anestezi deneyimlerimiz. TARD 48. Ulusal Kongresi;(s\u00f6zl\u00fc sunu)<\/li>\n<li>M.D.Piro\u011flu,S.Tulgar,T.Can,M.D.Dink\u00e7i,G.Alkan,\u0130.Gezgel.Huntington Koreli bir olguda epidural anestezi deneyimimiz.TARD 2013 Ulusal Kongresi<\/li>\n<li>S.Tulgar,B.\u00c7evik, M.D.Piro\u011flu, M.D.Dink\u00e7i,\u0130.Bo\u011fa,E.K\u0131sa, T.Can.S\u00fcrekli renal replasman tedavilerinde antikoag\u00fclan se\u00e7imi.TARD 2013 Ulusal Kongresi<\/li>\n<li>T .Can,M.\u00c7elik,U.Kuyrukluy\u0131ld\u0131z,A.N.\u00d6z\u00e7eki\u00e7,N.Koltka. Sufenatanil combined with bupivacaine in epidural infusion.VI.International Congress Orthopaedic Anaesthesia and Pain(2007)(s\u00f6zl\u00fc sunu)<\/li>\n<li>D.\u00d6m\u00fcr, F.\u00d6ztekin, N.Koltka, S.Y\u00fczer,\u00a0T.Can. M.\u00c7elik. \u0130la\u00e7 veya madde ile zehirlenme olgular\u0131n\u0131n \u00fc\u00e7 y\u0131ll\u0131k retrospektif incelenmesi. TARK 2005. Poster sunumu.<\/li>\n<li>T. Can,\u00a0F \u00d6ztekin. N. Koltka,\u00a0\u00a0S Y\u00fczer, D. \u00d6m\u00fcr, M. \u00c7elik.Karbonmonoksit olgular\u0131n\u0131n retrospektif incelenmesi. P 448 TARK 2005 23-27 Kas\u0131m 2005 Antalya<\/li>\n<li>A.E. Sa\u011f\u0131ro\u011flu, S. Y\u00fczer, N. Koltka,\u00a0T. Can, N. Turan, H. Baba, D.\u00d6m\u00fcr, T. Ka\u015f\u0131kc\u0131, M.\u00c7elik.\u00a0\u00a0Ent\u00fcbasyon ve ekst\u00fcbasyon s\u0131ras\u0131nda g\u00f6r\u00fclebilen solunumsal problemler ve preoperatif hava yolu de\u011ferlendirmesi ile ili\u015fkileri. TARK 2005 Poster sunumu<\/li>\n<\/ul>\n<\/div>\n<\/div>\n<p>&nbsp;<\/p>\n<div class=\"cmsmasters_toggle_title\">Kat\u0131ld\u0131\u011f\u0131 Kongreler<\/div>\n<div class=\"cmsmasters_toggle\">\n<div class=\"cmsmasters_toggle_inner\">\n<ul>\n<li>(2017- Eyl\u00fcl) Medipol \u00dcniversitesi Sa\u011fl\u0131k Bakanl\u0131\u011f\u0131 Onayl\u0131 MEZOTERAP\u0130 Sertifikal\u0131 E\u011fitim Program\u0131<\/li>\n<li>(2013-Ocak) TARD E\u011fitim Geli\u015ftirme Kursu (Mod\u00fcl-3) Yo\u011fun Bak\u0131m, Acil T\u0131p, Kan ve Kan Transf\u00fczyonlar\u0131 Kursu<\/li>\n<li>(2012) \u0130\u015f Yeri Hekimli\u011fi Sertifika Program\u0131<\/li>\n<li>(2012-Nisan) TARD E\u011fitim Geli\u015ftirme Kursu (Mod\u00fcl-1) Solunum Sistemi<\/li>\n<li>(2011- Mart) Rejyonal Anestezi Uygulamalar\u0131nda Ultrason Kursu<\/li>\n<li>(2009- Aral\u0131k) Organ Temininde Yeni Ad\u0131mlar: Yo\u011fun Bak\u0131m E\u011fitimi<\/li>\n<li>(2008-Nisan) Neonatal Res\u00fcsitasyon Program\u0131 Uygulay\u0131c\u0131 Sertifikas\u0131<\/li>\n<\/ul>\n<\/div>\n<\/div>\n<p>&nbsp;<\/p>\n","protected":false},"excerpt":{"rendered":"<p>1976 \u0130stanbul do\u011fumluyum. Ortaokulu \u0130zmir T\u00fcrk Koleji, liseyi Manisa Fatih Anadolu Lisesi\u2019nde bitirdim. 2000 y\u0131l\u0131nda \u0130stanbul \u00dcniversitesi T\u0131p Fak\u00fcltesinden mezun oldum. 2002-2006 y\u0131llar\u0131 aras\u0131nda G\u00f6ztepe E\u011fitim ve Ara\u015ft\u0131rma Hastanesi\u2019nde Anesteziyoloji ve Reanimasyon Uzmanl\u0131\u011f\u0131 e\u011fitimimi tamamlad\u0131m. 2023 y\u0131l\u0131 itibari ile Kartal Avicenna Umut Hastanesi\u2019ne\u00a0kat\u0131ld\u0131m. &nbsp; Tedavi Edilen Hastal\u0131klar Rejyonal Anestezi (spinal, epidural) A\u011fr\u0131s\u0131z Do\u011fum Yo\u011fun Bak\u0131m [&hellip;]<\/p>\n","protected":false},"author":1,"featured_media":0,"parent":0,"menu_order":0,"comment_status":"closed","ping_status":"closed","template":"","meta":{"ocean_post_layout":"","ocean_both_sidebars_style":"","ocean_both_sidebars_content_width":0,"ocean_both_sidebars_sidebars_width":0,"ocean_sidebar":"0","ocean_second_sidebar":"0","ocean_disable_margins":"enable","ocean_add_body_class":"","ocean_shortcode_before_top_bar":"","ocean_shortcode_after_top_bar":"","ocean_shortcode_before_header":"","ocean_shortcode_after_header":"","ocean_has_shortcode":"","ocean_shortcode_after_title":"","ocean_shortcode_before_footer_widgets":"","ocean_shortcode_after_footer_widgets":"","ocean_shortcode_before_footer_bottom":"","ocean_shortcode_after_footer_bottom":"","ocean_display_top_bar":"default","ocean_display_header":"default","ocean_header_style":"","ocean_center_header_left_menu":"0","ocean_custom_header_template":"0","ocean_custom_logo":0,"ocean_custom_retina_logo":0,"ocean_custom_logo_max_width":0,"ocean_custom_logo_tablet_max_width":0,"ocean_custom_logo_mobile_max_width":0,"ocean_custom_logo_max_height":0,"ocean_custom_logo_tablet_max_height":0,"ocean_custom_logo_mobile_max_height":0,"ocean_header_custom_menu":"0","ocean_menu_typo_font_family":"0","ocean_menu_typo_font_subset":"","ocean_menu_typo_font_size":0,"ocean_menu_typo_font_size_tablet":0,"ocean_menu_typo_font_size_mobile":0,"ocean_menu_typo_font_size_unit":"px","ocean_menu_typo_font_weight":"","ocean_menu_typo_font_weight_tablet":"","ocean_menu_typo_font_weight_mobile":"","ocean_menu_typo_transform":"","ocean_menu_typo_transform_tablet":"","ocean_menu_typo_transform_mobile":"","ocean_menu_typo_line_height":0,"ocean_menu_typo_line_height_tablet":0,"ocean_menu_typo_line_height_mobile":0,"ocean_menu_typo_line_height_unit":"","ocean_menu_typo_spacing":0,"ocean_menu_typo_spacing_tablet":0,"ocean_menu_typo_spacing_mobile":0,"ocean_menu_typo_spacing_unit":"","ocean_menu_link_color":"","ocean_menu_link_color_hover":"","ocean_menu_link_color_active":"","ocean_menu_link_background":"","ocean_menu_link_hover_background":"","ocean_menu_link_active_background":"","ocean_menu_social_links_bg":"","ocean_menu_social_hover_links_bg":"","ocean_menu_social_links_color":"","ocean_menu_social_hover_links_color":"","ocean_disable_title":"default","ocean_disable_heading":"default","ocean_post_title":"","ocean_post_subheading":"","ocean_post_title_style":"","ocean_post_title_background_color":"","ocean_post_title_background":0,"ocean_post_title_bg_image_position":"","ocean_post_title_bg_image_attachment":"","ocean_post_title_bg_image_repeat":"","ocean_post_title_bg_image_size":"","ocean_post_title_height":0,"ocean_post_title_bg_overlay":0.5,"ocean_post_title_bg_overlay_color":"","ocean_disable_breadcrumbs":"default","ocean_breadcrumbs_color":"","ocean_breadcrumbs_separator_color":"","ocean_breadcrumbs_links_color":"","ocean_breadcrumbs_links_hover_color":"","ocean_display_footer_widgets":"default","ocean_display_footer_bottom":"default","ocean_custom_footer_template":"","ofc_enable_fullscreen":"disable","ofc_fullscreen_speed":0,"ofc_fullscreen_nav":"enable","ofc_fullscreen_nav_pos":"right","ofc_fullscreen_nav_color":"","ofc_fullscreen_nav_tooltip_color":"","ofc_fullscreen_responsive":0,"osh_disable_topbar_sticky":"default","osh_disable_header_sticky":"default","osh_sticky_header_style":"default","osh_sticky_header_effect":"","osh_custom_sticky_logo":0,"osh_custom_retina_sticky_logo":0,"osh_custom_sticky_logo_height":0,"osh_background_color":"","osh_links_color":"","osh_links_hover_color":"","osh_links_active_color":"","osh_links_bg_color":"","osh_links_hover_bg_color":"","osh_links_active_bg_color":"","osh_menu_social_links_color":"","osh_menu_social_hover_links_color":"","_joinchat":[],"footnotes":""},"class_list":["post-9517","page","type-page","status-publish","hentry","entry"],"_links":{"self":[{"href":"https:\/\/avicennahospitals.com\/ar\/wp-json\/wp\/v2\/pages\/9517","targetHints":{"allow":["GET"]}}],"collection":[{"href":"https:\/\/avicennahospitals.com\/ar\/wp-json\/wp\/v2\/pages"}],"about":[{"href":"https:\/\/avicennahospitals.com\/ar\/wp-json\/wp\/v2\/types\/page"}],"author":[{"embeddable":true,"href":"https:\/\/avicennahospitals.com\/ar\/wp-json\/wp\/v2\/users\/1"}],"replies":[{"embeddable":true,"href":"https:\/\/avicennahospitals.com\/ar\/wp-json\/wp\/v2\/comments?post=9517"}],"version-history":[{"count":0,"href":"https:\/\/avicennahospitals.com\/ar\/wp-json\/wp\/v2\/pages\/9517\/revisions"}],"wp:attachment":[{"href":"https:\/\/avicennahospitals.com\/ar\/wp-json\/wp\/v2\/media?parent=9517"}],"curies":[{"name":"wp","href":"https:\/\/api.w.org\/{rel}","templated":true}]}}